{"id":10910,"date":"2025-08-25T17:06:28","date_gmt":"2025-08-25T15:06:28","guid":{"rendered":"https:\/\/operapaskaret.se\/la-boheme-2026\/"},"modified":"2026-04-20T11:34:10","modified_gmt":"2026-04-20T09:34:10","slug":"la-boheme-2026","status":"publish","type":"page","link":"https:\/\/operapaskaret.se\/en\/la-boheme-2026\/","title":{"rendered":"La Boh\u00e8me"},"content":{"rendered":"<p>[et_pb_section fb_built=&#8221;1&#8243; fullwidth=&#8221;on&#8221; disabled_on=&#8221;off|off|off&#8221; _builder_version=&#8221;4.27.4&#8243; _module_preset=&#8221;default&#8221; locked=&#8221;off&#8221; global_colors_info=&#8221;{}&#8221;][et_pb_fullwidth_header title=&#8221;La Boh\u00e8me&#8221; subhead=&#8221;Giacomo Puccini&#8221; header_fullscreen=&#8221;on&#8221; button_one_text=&#8221;Buy tickets&#8221; button_one_url=&#8221;@ET-DC@eyJkeW5hbWljIjp0cnVlLCJjb250ZW50IjoicG9zdF9saW5rX3VybF9wYWdlIiwic2V0dGluZ3MiOnsicG9zdF9pZCI6IjYwMyJ9fQ==@&#8221; background_overlay_color=&#8221;RGBA(255,255,255,0)&#8221; background_overlay_color_tablet=&#8221;RGBA(255,255,255,0)&#8221; background_overlay_color_phone=&#8221;rgba(28,28,28,0.4)&#8221; background_overlay_color_last_edited=&#8221;on|desktop&#8221; disabled_on=&#8221;off|off|off&#8221; _builder_version=&#8221;4.27.4&#8243; _dynamic_attributes=&#8221;button_one_url&#8221; _module_preset=&#8221;default&#8221; title_text_color=&#8221;#ffffff&#8221; title_font_size=&#8221;96px&#8221; content_font=&#8221;||||||||&#8221; content_text_color=&#8221;#ffffff&#8221; content_line_height=&#8221;1.4em&#8221; subhead_font=&#8221;|600|||||||&#8221; subhead_text_color=&#8221;#ffffff&#8221; subhead_font_size=&#8221;25px&#8221; subhead_line_height=&#8221;1.3em&#8221; background_enable_color=&#8221;off&#8221; use_background_color_gradient=&#8221;on&#8221; background_color_gradient_direction=&#8221;83deg&#8221; background_color_gradient_stops=&#8221;#939393 0%|rgba(255,255,255,0) 87%&#8221; background_image=&#8221;https:\/\/operapaskaret.se\/wp-content\/uploads\/2025\/12\/OPS_LaBoheme_2026_1920x1080_Blank_spegel.jpg&#8221; background_blend=&#8221;multiply&#8221; background_enable_video_mp4=&#8221;off&#8221; custom_button_one=&#8221;on&#8221; button_one_text_color=&#8221;#ffffff&#8221; button_one_bg_color=&#8221;#6e2117&#8243; button_one_border_color=&#8221;#6e2117&#8243; button_one_use_icon=&#8221;off&#8221; custom_button_two=&#8221;on&#8221; button_two_text_color=&#8221;#ECECEC&#8221; button_two_bg_color=&#8221;#1c1c1c&#8221; button_two_border_color=&#8221;#1c1c1c&#8221; button_two_use_icon=&#8221;off&#8221; background_layout=&#8221;light&#8221; title_font_size_tablet=&#8221;100px&#8221; title_font_size_phone=&#8221;63px&#8221; title_font_size_last_edited=&#8221;on|phone&#8221; background_last_edited=&#8221;on|tablet&#8221; background_position_tablet=&#8221;top_right&#8221; background_position_phone=&#8221;top_right&#8221; background_horizontal_offset_tablet=&#8221;27%&#8221; background_horizontal_offset_phone=&#8221;27%&#8221; custom_css_title=&#8221;width: 450px;&#8221; custom_css_content=&#8221;margin-top: 20px;||width: 450px;&#8221; custom_css_subtitle=&#8221;width: 500px;&#8221; global_colors_info=&#8221;{}&#8221; custom_css_title_last_edited=&#8221;on|phone&#8221; custom_css_title_phone=&#8221;width: 100%;&#8221; custom_css_content_last_edited=&#8221;on|phone&#8221; custom_css_content_phone=&#8221;width: 100%;&#8221; custom_css_subtitle_last_edited=&#8221;on|phone&#8221; custom_css_subtitle_phone=&#8221;width: 100%;&#8221; custom_css_title_tablet=&#8221;width: 450px;&#8221; custom_css_content_tablet=&#8221;width: 450px;&#8221; custom_css_subtitle_tablet=&#8221;width: 450px;&#8221; button_one_border_width__hover_enabled=&#8221;on|desktop&#8221; button_one_border_color__hover_enabled=&#8221;on|hover&#8221; button_one_border_color__hover=&#8221;#ECECEC&#8221; button_one_bg_color__hover_enabled=&#8221;on|hover&#8221; button_one_bg_color__hover=&#8221;#ECECEC&#8221; button_one_bg_enable_color__hover=&#8221;on&#8221; button_two_bg_color__hover_enabled=&#8221;on|hover&#8221; button_two_bg_color__hover=&#8221;#ECECEC&#8221; button_two_bg_enable_color__hover=&#8221;on&#8221; button_two_text_color__hover_enabled=&#8221;on|hover&#8221; button_two_text_color__hover=&#8221;#000000&#8243; button_two_border_color__hover_enabled=&#8221;on|hover&#8221; button_two_border_color__hover=&#8221;#ECECEC&#8221; button_one_text_color__hover_enabled=&#8221;on|desktop&#8221; button_one_text_color__hover=&#8221;#1C1C1C&#8221;]<\/p>\n<p>25th july \u2013 23rd aug 2026<\/p>\n<p>[\/et_pb_fullwidth_header][\/et_pb_section][et_pb_section fb_built=&#8221;1&#8243; _builder_version=&#8221;4.27.0&#8243; _module_preset=&#8221;default&#8221; background_color=&#8221;#ECECEC&#8221; custom_margin_tablet=&#8221;&#8221; custom_margin_phone=&#8221;&#8221; custom_margin_last_edited=&#8221;on|phone&#8221; locked=&#8221;off&#8221; global_colors_info=&#8221;{}&#8221;][et_pb_row disabled_on=&#8221;off|off|off&#8221; _builder_version=&#8221;4.19.2&#8243; _module_preset=&#8221;default&#8221; global_colors_info=&#8221;{}&#8221;][et_pb_column type=&#8221;4_4&#8243; _builder_version=&#8221;4.19.2&#8243; _module_preset=&#8221;default&#8221; global_colors_info=&#8221;{}&#8221;][et_pb_text _builder_version=&#8221;4.27.4&#8243; _module_preset=&#8221;default&#8221; max_width=&#8221;800px&#8221; module_alignment=&#8221;center&#8221; global_colors_info=&#8221;{}&#8221;]<\/p>\n<h3>About La Boh\u00e8me<\/h3>\n<p>Giacomo Puccini\u2019s La Boh\u00e8me stands as one of the opera world\u2019s beloved masterpieces- a timeless story of love, friendship, and the pursuit of dreams. Set in a drafty attic in Paris, the opera introduces us to a circle of impoverished young artists who embrace life with passion and joy, yet also endure its hardships and sorrows. The poet Rodolphe discovers true love with the seamstress Mim\u00ec, while the painter Marcello navigates a tempestuous romance with the spirited Musetta.<\/p>\n<p>With librettists Luigi Illica and Giuseppe Giacosa, Puccini captured the very essence of what it means to be human in a vulnerable social class.<\/p>\n<p>Musically, Puccini\u2019s\u00a0<em>La Boh\u00e8me<\/em>\u00a0is a consummate masterpiece. Lyricism alternates with drama, heightening the characters\u2019 inner world of passionate emotions as the story unfolds. Much of the opera\u2019s musical success likely stems from the fact that Puccini himself lived a bohemian life as a young man, and with remarkable sensitivity was able to clothe vulnerability, passion, and emotional turbulence in a rapturously sonorous musical fabric.<\/p>\n<p>In the summer of 2026, this beloved opera will be performed in one of the world\u2019s most extraordinary opera houses \u2014 a former sawmill on the shores of a vast lake, today celebrated internationally for its remarkable acoustics.<\/p>\n<p>[\/et_pb_text][\/et_pb_column][\/et_pb_row][\/et_pb_section][et_pb_section fb_built=&#8221;1&#8243; disabled_on=&#8221;off|off|off&#8221; module_id=&#8221;medverkande&#8221; _builder_version=&#8221;4.27.6&#8243; _module_preset=&#8221;default&#8221; background_color=&#8221;RGBA(255,255,255,0)&#8221; display_conditions=&#8221;W3siaWQiOiIzZmFmZTM4ZS00ZTYzLTQwZTUtYTJhMy1lZjcwOWZhZTU2MWMiLCJjb25kaXRpb24iOiJkYXRlVGltZSIsImNvbmRpdGlvblNldHRpbmdzIjp7ImRpc3BsYXlSdWxlIjoiaXNBZnRlciIsImRhdGUiOiIyMDI2LTAzLTAzIiwidGltZSI6IjA3OjU1Iiwid2Vla2RheXMiOiJ8IiwiYWxsRGF5Ijoib24iLCJmcm9tVGltZSI6IjAwOjAwIiwidW50aWxUaW1lIjoiMDA6MDAiLCJyZXBlYXQiOiJvZmYiLCJyZXBlYXRGcmVxdWVuY3kiOiJtb250aGx5IiwicmVwZWF0RnJlcXVlbmN5U3BlY2lmaWNEYXlzIjoid2Vla2x5IiwicmVwZWF0RW5kIjoibmV2ZXIiLCJyZXBlYXRVbnRpbERhdGUiOiIyMDI2LTItMjMiLCJyZXBlYXRUaW1lcyI6IjMiLCJhZG1pbkxhYmVsIjoiRGF0dW0gVGlkIiwiZW5hYmxlQ29uZGl0aW9uIjoib24ifSwib3BlcmF0b3IiOiJPUiJ9XQ==&#8221; locked=&#8221;off&#8221; global_colors_info=&#8221;{}&#8221;][et_pb_row disabled_on=&#8221;off|off|off&#8221; _builder_version=&#8221;4.23.1&#8243; _module_preset=&#8221;default&#8221; custom_padding=&#8221;0px|||||&#8221; locked=&#8221;off&#8221; global_colors_info=&#8221;{}&#8221;][et_pb_column type=&#8221;4_4&#8243; _builder_version=&#8221;4.19.2&#8243; _module_preset=&#8221;default&#8221; global_colors_info=&#8221;{}&#8221;][et_pb_text _builder_version=&#8221;4.27.6&#8243; _module_preset=&#8221;default&#8221; global_colors_info=&#8221;{}&#8221;]<\/p>\n<h4>Soloists in the production of La Boh\u00e8me<\/h4>\n<p>[\/et_pb_text][et_pb_text _builder_version=&#8221;4.27.6&#8243; _module_preset=&#8221;default&#8221; global_colors_info=&#8221;{}&#8221;]<\/p>\n<p>Opera is a truly wonderful art form, but it also places great demands on its singers. That\u2019s why we at Opera p\u00e5 Sk\u00e4ret always work with two casts of soloists \u2013 and why we have not just one, but two premieres.<\/p>\n<p>[\/et_pb_text][\/et_pb_column][\/et_pb_row][et_pb_row column_structure=&#8221;1_2,1_2&#8243; disabled_on=&#8221;off|off|off&#8221; _builder_version=&#8221;4.23.1&#8243; _module_preset=&#8221;default&#8221; custom_padding=&#8221;0px|||||&#8221; locked=&#8221;off&#8221; global_colors_info=&#8221;{}&#8221;][et_pb_column type=&#8221;1_2&#8243; _builder_version=&#8221;4.19.2&#8243; _module_preset=&#8221;default&#8221; global_colors_info=&#8221;{}&#8221;][et_pb_text _builder_version=&#8221;4.27.6&#8243; _module_preset=&#8221;default&#8221; global_colors_info=&#8221;{}&#8221;]<\/p>\n<h4>Soloists<\/h4>\n<p>[\/et_pb_text][et_pb_text _builder_version=&#8221;4.27.6&#8243; _module_preset=&#8221;default&#8221; text_font_size=&#8221;18px&#8221; text_line_height=&#8221;2em&#8221; custom_padding=&#8221;||0px|||&#8221; hover_enabled=&#8221;0&#8243; locked=&#8221;off&#8221; global_colors_info=&#8221;{}&#8221; sticky_enabled=&#8221;0&#8243;]<\/p>\n<p><strong>Mimi<\/strong> &#8211; <a href=\"https:\/\/operapaskaret.se\/en\/kseniya-bakhritdinova-kravchuk\/\">Kseniya Bakhritdinova<\/a> \/ <a href=\"https:\/\/operapaskaret.se\/anna-hedendahl\/\">Anna Hedendahl<\/a><br \/><strong>Rodolfo<\/strong> &#8211; <a href=\"https:\/\/operapaskaret.se\/ji-min-park\/\">Ji-Min Park<\/a> \/ <a href=\"https:\/\/operapaskaret.se\/marco-lee\/\">Marco Lee<\/a><br \/><strong>Marcello<\/strong> &#8211; <a href=\"https:\/\/operapaskaret.se\/otar-shishinashvili\/\">Otar Shishinashvili<\/a> \/ <a href=\"https:\/\/operapaskaret.se\/jung-jaehong\/\">Jung Jaehong<\/a><br \/><strong>Musetta<\/strong> &#8211; <a href=\"https:\/\/operapaskaret.se\/laura-del-rio\/\">Laura del Rio<\/a> \/ <a href=\"https:\/\/operapaskaret.se\/maria-kjelsson\/\">Maria Kjelsson<\/a><br \/><strong>Schaunard<\/strong> &#8211; <a href=\"https:\/\/operapaskaret.se\/maximilian-krummen\/\">Maximilian Krummen<\/a><br \/><strong>Colline<\/strong> &#8211; <a href=\"https:\/\/operapaskaret.se\/niklas-spangberg\/\">Niklas Sp\u00e5ngberg<\/a><br \/><strong>Benoit \/ Alcindoro<\/strong> &#8211; <a href=\"https:\/\/operapaskaret.se\/john-kinell\/\">John Kinell<\/a><br \/><strong>Parpignol<\/strong><span>\u00a0\u2013\u00a0<\/span><a href=\"https:\/\/operapaskaret.se\/en\/christopher-kingdon\/\">Christopher Kingdon<\/a><span>\u00a0\/\u00a0<\/span><a href=\"https:\/\/operapaskaret.se\/en\/samuel-karlberg\/\">Samuel Karlberg<\/a><\/p>\n<p>[\/et_pb_text][\/et_pb_column][et_pb_column type=&#8221;1_2&#8243; _builder_version=&#8221;4.19.2&#8243; _module_preset=&#8221;default&#8221; global_colors_info=&#8221;{}&#8221;][et_pb_text _builder_version=&#8221;4.27.6&#8243; _module_preset=&#8221;default&#8221; global_colors_info=&#8221;{}&#8221;]<\/p>\n<h4>ARTISTIC PRODUCTION<\/h4>\n<p>[\/et_pb_text][et_pb_text _builder_version=&#8221;4.27.6&#8243; _module_preset=&#8221;default&#8221; text_font_size=&#8221;18px&#8221; text_line_height=&#8221;2em&#8221; locked=&#8221;off&#8221; global_colors_info=&#8221;{}&#8221;]<\/p>\n<p><strong>Director<\/strong> &#8211; <a href=\"https:\/\/operapaskaret.se\/jennifer-williams\/\">Jennifer Williams<\/a><br \/><strong>Conductor<\/strong> &#8211; <a href=\"https:\/\/operapaskaret.se\/en\/lorenzo-coladonato\/\">Lorenzo Coladonato<\/a><br \/><strong>Set Designer<\/strong> &#8211; <a href=\"https:\/\/operapaskaret.se\/en\/sven-ostberg\/\">Sven \u00d6stberg<\/a><br \/><strong>Costume Designer<\/strong> &#8211; Alex Eriksson \/ <a href=\"https:\/\/operapaskaret.se\/en\/tina-akkaya\/\">Tina Akkaya<\/a><br \/><strong>Hair and Makeup Design<\/strong>\u00a0&#8211; <a href=\"https:\/\/operapaskaret.se\/en\/stephanie-metzner\/\">Stephanie Metzner<\/a><br \/><strong>Lighting Designer<\/strong> &#8211; Edvin \u00c5sell<br \/><strong>Repetiteur<\/strong> &#8211; <a href=\"https:\/\/operapaskaret.se\/en\/bengt-ake-lundin\/\">Bengt-\u00c5ke Lundin<\/a><br \/><strong>Repetiteur<\/strong> &#8211; <a href=\"https:\/\/operapaskaret.se\/en\/samuel-skonberg\/\">Samuel Sk\u00f6nberg<\/a><br \/><strong>Chorus Master<\/strong> &#8211; <a href=\"https:\/\/operapaskaret.se\/en\/jonatan-lonnqvist\/\">Jonatan L\u00f6nnqvist<\/a><br \/><strong>Repetiteur Chorus<\/strong> &#8211; <a href=\"https:\/\/operapaskaret.se\/en\/mats-johansson\/\">Mats Johansson<\/a><\/p>\n<p><em><\/em><\/p>\n<p>[\/et_pb_text][\/et_pb_column][\/et_pb_row][et_pb_row disabled_on=&#8221;off|off|off&#8221; _builder_version=&#8221;4.27.4&#8243; _module_preset=&#8221;default&#8221; locked=&#8221;off&#8221; global_colors_info=&#8221;{}&#8221;][et_pb_column type=&#8221;4_4&#8243; _builder_version=&#8221;4.25.1&#8243; _module_preset=&#8221;default&#8221; global_colors_info=&#8221;{}&#8221;][et_pb_accordion disabled_on=&#8221;off|off|off&#8221; module_class=&#8221;my_accordion&#8221; _builder_version=&#8221;4.27.6&#8243; _module_preset=&#8221;default&#8221; custom_margin=&#8221;||||false|false&#8221; custom_padding=&#8221;30px|30px|30px|30px|false|false&#8221; custom_padding_tablet=&#8221;30px|30px|30px|30px|false|false&#8221; custom_padding_phone=&#8221;0px|0px|0px|0px|false|false&#8221; custom_padding_last_edited=&#8221;on|desktop&#8221; custom_css_free_form=&#8221;.column {||  float: left;||  width: 50%;||}||||\/* Clear floats after the columns *\/||.row:after {||  content: %22%22;||  display: table;||  clear: both;||}||||\/* Responsive layout &#8211; when the screen is less than 600px wide, make the two columns stack on top of each other instead of next to each other *\/||@media screen and (max-width: 600px) {||  .column {||    width: 100%;||  }||}&#8221; locked=&#8221;off&#8221; global_colors_info=&#8221;{}&#8221;][et_pb_accordion_item title=&#8221;The singing ensembles will perform the following dates (subject to change)&#8221; open=&#8221;on&#8221; _builder_version=&#8221;4.27.6&#8243; _module_preset=&#8221;default&#8221; global_colors_info=&#8221;{}&#8221;]<\/p>\n<div class=\"row\">\n<div class=\"column\">\n<p><strong>25 july, 30 july, 2 aug, 8 aug, 13 aug, 16 aug, 23 aug<br \/><\/strong><br \/>Mimi &#8211; <a href=\"https:\/\/operapaskaret.se\/en\/kseniya-bakhritdinova-kravchuk\/\">Kseniya Bakhritdinova<\/a><br \/>Rodolfo &#8211; <a href=\"https:\/\/operapaskaret.se\/ji-min-park\/\">Ji-Min Park<\/a><br \/>Marcello &#8211; <a href=\"https:\/\/operapaskaret.se\/otar-shishinashvili\/\">Otar Shishinashvili<\/a><br \/>Musetta &#8211; <a href=\"https:\/\/operapaskaret.se\/laura-del-rio\/\">Laura del Rio<\/a><br \/>Schaunard &#8211; <a href=\"https:\/\/operapaskaret.se\/maximilian-krummen\/\">Maximilian Krummen<\/a><br \/>Colline &#8211; <a href=\"https:\/\/operapaskaret.se\/niklas-spangberg\/\">Niklas Sp\u00e5ngberg<\/a><br \/>Benoit \/ Alcindoro &#8211; <a href=\"https:\/\/operapaskaret.se\/john-kinell\/\">John Kinell<\/a><\/p>\n<\/div>\n<div class=\"column\">\n<p><strong>26 july, 1 aug, 6 aug, 9 aug, 15 aug, 22 aug<\/strong><\/p>\n<p>Mimi &#8211; <a href=\"https:\/\/operapaskaret.se\/anna-hedendahl\/\">Anna Hedendahl<\/a><br \/>Rodolfo &#8211; <a href=\"https:\/\/operapaskaret.se\/marco-lee\/\">Marco Lee<\/a><br \/>Marcello &#8211; <a href=\"https:\/\/operapaskaret.se\/jung-jaehong\/\">Jung Jaehong<\/a><br \/>Musetta &#8211; <a href=\"https:\/\/operapaskaret.se\/maria-kjelsson\/\">Maria Kjelsson<\/a><br \/>Schaunard &#8211; <a href=\"https:\/\/operapaskaret.se\/maximilian-krummen\/\">Maximilian Krummen<\/a><br \/>Colline &#8211; <a href=\"https:\/\/operapaskaret.se\/niklas-spangberg\/\">Niklas Sp\u00e5ngberg<\/a><br \/>Benoit \/ Alcindoro &#8211; <a href=\"https:\/\/operapaskaret.se\/john-kinell\/\">John Kinell<\/a><\/p>\n<\/div>\n<\/div>\n<p>[\/et_pb_accordion_item][\/et_pb_accordion][\/et_pb_column][\/et_pb_row][et_pb_row column_structure=&#8221;1_2,1_2&#8243; disabled_on=&#8221;off|off|off&#8221; _builder_version=&#8221;4.23.1&#8243; _module_preset=&#8221;default&#8221; background_color=&#8221;#ECECEC&#8221; custom_padding=&#8221;20px|20px|20px|20px|false|false&#8221; locked=&#8221;off&#8221; global_colors_info=&#8221;{}&#8221;][et_pb_column type=&#8221;1_2&#8243; _builder_version=&#8221;4.19.2&#8243; _module_preset=&#8221;default&#8221; global_colors_info=&#8221;{}&#8221;][et_pb_text _builder_version=&#8221;4.27.6&#8243; _module_preset=&#8221;default&#8221; global_colors_info=&#8221;{}&#8221;]<\/p>\n<p><strong>Opera p\u00e5 Sk\u00e4rets orchestra<\/strong><br \/><strong>The Opera p\u00e5 Sk\u00e4rets Chorus<\/strong><\/p>\n<p>[\/et_pb_text][\/et_pb_column][et_pb_column type=&#8221;1_2&#8243; _builder_version=&#8221;4.19.2&#8243; _module_preset=&#8221;default&#8221; global_colors_info=&#8221;{}&#8221;][et_pb_text _builder_version=&#8221;4.27.5&#8243; _module_preset=&#8221;default&#8221; global_colors_info=&#8221;{}&#8221;]<\/p>\n<p>25th july \u2013 23rd august 2026<br \/><strong>Performance duration:<\/strong> approx. 3 hours, including a 45-minute intermission.<\/p>\n<p>[\/et_pb_text][\/et_pb_column][\/et_pb_row][\/et_pb_section][et_pb_section fb_built=&#8221;1&#8243; fullwidth=&#8221;on&#8221; _builder_version=&#8221;4.19.0&#8243; _module_preset=&#8221;default&#8221; global_colors_info=&#8221;{}&#8221;][et_pb_fullwidth_image src=&#8221;https:\/\/operapaskaret.se\/wp-content\/uploads\/2022\/11\/OPS-9303.jpg&#8221; title_text=&#8221;OPS-9303&#8243; _builder_version=&#8221;4.19.0&#8243; _module_preset=&#8221;default&#8221; global_colors_info=&#8221;{}&#8221;][\/et_pb_fullwidth_image][\/et_pb_section]<\/p>\n","protected":false},"excerpt":{"rendered":"<p>25th july \u2013 23rd aug 2026About La Boh\u00e8me Giacomo Puccini\u2019s La Boh\u00e8me stands as one of the opera world\u2019s beloved masterpieces- a timeless story of love, friendship, and the pursuit of dreams. Set in a drafty attic in Paris, the opera introduces us to a circle of impoverished young artists who embrace life with passion [&hellip;]<\/p>\n","protected":false},"author":1,"featured_media":0,"parent":0,"menu_order":0,"comment_status":"closed","ping_status":"closed","template":"","meta":{"_et_pb_use_builder":"on","_et_pb_old_content":"","_et_gb_content_width":"","inline_featured_image":false,"footnotes":""},"class_list":["post-10910","page","type-page","status-publish","hentry"],"yoast_head":"<!-- This site is optimized with the Yoast SEO plugin v27.5 - https:\/\/yoast.com\/product\/yoast-seo-wordpress\/ -->\n<title>La Boh\u00e8me - Opera p\u00e5 Sk\u00e4ret<\/title>\n<meta name=\"robots\" content=\"index, follow, max-snippet:-1, max-image-preview:large, max-video-preview:-1\" \/>\n<link rel=\"canonical\" href=\"https:\/\/operapaskaret.se\/en\/la-boheme-2026\/\" \/>\n<meta property=\"og:locale\" content=\"en_US\" \/>\n<meta property=\"og:type\" content=\"article\" \/>\n<meta property=\"og:title\" content=\"La Boh\u00e8me - Opera p\u00e5 Sk\u00e4ret\" \/>\n<meta property=\"og:description\" content=\"25th july \u2013 23rd aug 2026About La Boh\u00e8me Giacomo Puccini\u2019s La Boh\u00e8me stands as one of the opera world\u2019s beloved masterpieces- a timeless story of love, friendship, and the pursuit of dreams. Set in a drafty attic in Paris, the opera introduces us to a circle of impoverished young artists who embrace life with passion [&hellip;]\" \/>\n<meta property=\"og:url\" content=\"https:\/\/operapaskaret.se\/en\/la-boheme-2026\/\" \/>\n<meta property=\"og:site_name\" content=\"Opera p\u00e5 Sk\u00e4ret\" \/>\n<meta property=\"article:publisher\" content=\"https:\/\/www.facebook.com\/operapaskaret\" \/>\n<meta property=\"article:modified_time\" content=\"2026-04-20T09:34:10+00:00\" \/>\n<meta name=\"twitter:card\" content=\"summary_large_image\" \/>\n<meta name=\"twitter:label1\" content=\"Est. reading time\" \/>\n\t<meta name=\"twitter:data1\" content=\"2 minutes\" \/>\n<script type=\"application\/ld+json\" class=\"yoast-schema-graph\">{\"@context\":\"https:\\\/\\\/schema.org\",\"@graph\":[{\"@type\":\"WebPage\",\"@id\":\"https:\\\/\\\/operapaskaret.se\\\/en\\\/la-boheme-2026\\\/\",\"url\":\"https:\\\/\\\/operapaskaret.se\\\/en\\\/la-boheme-2026\\\/\",\"name\":\"La Boh\u00e8me - Opera p\u00e5 Sk\u00e4ret\",\"isPartOf\":{\"@id\":\"https:\\\/\\\/operapaskaret.se\\\/#website\"},\"datePublished\":\"2025-08-25T15:06:28+00:00\",\"dateModified\":\"2026-04-20T09:34:10+00:00\",\"breadcrumb\":{\"@id\":\"https:\\\/\\\/operapaskaret.se\\\/en\\\/la-boheme-2026\\\/#breadcrumb\"},\"inLanguage\":\"en-US\",\"potentialAction\":[{\"@type\":\"ReadAction\",\"target\":[\"https:\\\/\\\/operapaskaret.se\\\/en\\\/la-boheme-2026\\\/\"]}]},{\"@type\":\"BreadcrumbList\",\"@id\":\"https:\\\/\\\/operapaskaret.se\\\/en\\\/la-boheme-2026\\\/#breadcrumb\",\"itemListElement\":[{\"@type\":\"ListItem\",\"position\":1,\"name\":\"Hem\",\"item\":\"https:\\\/\\\/operapaskaret.se\\\/en\\\/\"},{\"@type\":\"ListItem\",\"position\":2,\"name\":\"La Boh\u00e8me\"}]},{\"@type\":\"WebSite\",\"@id\":\"https:\\\/\\\/operapaskaret.se\\\/#website\",\"url\":\"https:\\\/\\\/operapaskaret.se\\\/\",\"name\":\"Opera p\u00e5 Sk\u00e4ret\",\"description\":\"The Opera Festival in the heart of Sweden\",\"publisher\":{\"@id\":\"https:\\\/\\\/operapaskaret.se\\\/#organization\"},\"potentialAction\":[{\"@type\":\"SearchAction\",\"target\":{\"@type\":\"EntryPoint\",\"urlTemplate\":\"https:\\\/\\\/operapaskaret.se\\\/?s={search_term_string}\"},\"query-input\":{\"@type\":\"PropertyValueSpecification\",\"valueRequired\":true,\"valueName\":\"search_term_string\"}}],\"inLanguage\":\"en-US\"},{\"@type\":\"Organization\",\"@id\":\"https:\\\/\\\/operapaskaret.se\\\/#organization\",\"name\":\"Opera p\u00e5 Sk\u00e4ret\",\"url\":\"https:\\\/\\\/operapaskaret.se\\\/\",\"logo\":{\"@type\":\"ImageObject\",\"inLanguage\":\"en-US\",\"@id\":\"https:\\\/\\\/operapaskaret.se\\\/#\\\/schema\\\/logo\\\/image\\\/\",\"url\":\"https:\\\/\\\/operapaskaret.se\\\/wp-content\\\/uploads\\\/2023\\\/01\\\/OPS_Logo_2023_b.svg\",\"contentUrl\":\"https:\\\/\\\/operapaskaret.se\\\/wp-content\\\/uploads\\\/2023\\\/01\\\/OPS_Logo_2023_b.svg\",\"width\":\"1024\",\"height\":\"1024\",\"caption\":\"Opera p\u00e5 Sk\u00e4ret\"},\"image\":{\"@id\":\"https:\\\/\\\/operapaskaret.se\\\/#\\\/schema\\\/logo\\\/image\\\/\"},\"sameAs\":[\"https:\\\/\\\/www.facebook.com\\\/operapaskaret\",\"https:\\\/\\\/www.instagram.com\\\/operapaskaret\\\/\"]}]}<\/script>\n<!-- \/ Yoast SEO plugin. -->","yoast_head_json":{"title":"La Boh\u00e8me - Opera p\u00e5 Sk\u00e4ret","robots":{"index":"index","follow":"follow","max-snippet":"max-snippet:-1","max-image-preview":"max-image-preview:large","max-video-preview":"max-video-preview:-1"},"canonical":"https:\/\/operapaskaret.se\/en\/la-boheme-2026\/","og_locale":"en_US","og_type":"article","og_title":"La Boh\u00e8me - Opera p\u00e5 Sk\u00e4ret","og_description":"25th july \u2013 23rd aug 2026About La Boh\u00e8me Giacomo Puccini\u2019s La Boh\u00e8me stands as one of the opera world\u2019s beloved masterpieces- a timeless story of love, friendship, and the pursuit of dreams. Set in a drafty attic in Paris, the opera introduces us to a circle of impoverished young artists who embrace life with passion [&hellip;]","og_url":"https:\/\/operapaskaret.se\/en\/la-boheme-2026\/","og_site_name":"Opera p\u00e5 Sk\u00e4ret","article_publisher":"https:\/\/www.facebook.com\/operapaskaret","article_modified_time":"2026-04-20T09:34:10+00:00","twitter_card":"summary_large_image","twitter_misc":{"Est. reading time":"2 minutes"},"schema":{"@context":"https:\/\/schema.org","@graph":[{"@type":"WebPage","@id":"https:\/\/operapaskaret.se\/en\/la-boheme-2026\/","url":"https:\/\/operapaskaret.se\/en\/la-boheme-2026\/","name":"La Boh\u00e8me - Opera p\u00e5 Sk\u00e4ret","isPartOf":{"@id":"https:\/\/operapaskaret.se\/#website"},"datePublished":"2025-08-25T15:06:28+00:00","dateModified":"2026-04-20T09:34:10+00:00","breadcrumb":{"@id":"https:\/\/operapaskaret.se\/en\/la-boheme-2026\/#breadcrumb"},"inLanguage":"en-US","potentialAction":[{"@type":"ReadAction","target":["https:\/\/operapaskaret.se\/en\/la-boheme-2026\/"]}]},{"@type":"BreadcrumbList","@id":"https:\/\/operapaskaret.se\/en\/la-boheme-2026\/#breadcrumb","itemListElement":[{"@type":"ListItem","position":1,"name":"Hem","item":"https:\/\/operapaskaret.se\/en\/"},{"@type":"ListItem","position":2,"name":"La Boh\u00e8me"}]},{"@type":"WebSite","@id":"https:\/\/operapaskaret.se\/#website","url":"https:\/\/operapaskaret.se\/","name":"Opera p\u00e5 Sk\u00e4ret","description":"The Opera Festival in the heart of Sweden","publisher":{"@id":"https:\/\/operapaskaret.se\/#organization"},"potentialAction":[{"@type":"SearchAction","target":{"@type":"EntryPoint","urlTemplate":"https:\/\/operapaskaret.se\/?s={search_term_string}"},"query-input":{"@type":"PropertyValueSpecification","valueRequired":true,"valueName":"search_term_string"}}],"inLanguage":"en-US"},{"@type":"Organization","@id":"https:\/\/operapaskaret.se\/#organization","name":"Opera p\u00e5 Sk\u00e4ret","url":"https:\/\/operapaskaret.se\/","logo":{"@type":"ImageObject","inLanguage":"en-US","@id":"https:\/\/operapaskaret.se\/#\/schema\/logo\/image\/","url":"https:\/\/operapaskaret.se\/wp-content\/uploads\/2023\/01\/OPS_Logo_2023_b.svg","contentUrl":"https:\/\/operapaskaret.se\/wp-content\/uploads\/2023\/01\/OPS_Logo_2023_b.svg","width":"1024","height":"1024","caption":"Opera p\u00e5 Sk\u00e4ret"},"image":{"@id":"https:\/\/operapaskaret.se\/#\/schema\/logo\/image\/"},"sameAs":["https:\/\/www.facebook.com\/operapaskaret","https:\/\/www.instagram.com\/operapaskaret\/"]}]}},"_links":{"self":[{"href":"https:\/\/operapaskaret.se\/en\/wp-json\/wp\/v2\/pages\/10910","targetHints":{"allow":["GET"]}}],"collection":[{"href":"https:\/\/operapaskaret.se\/en\/wp-json\/wp\/v2\/pages"}],"about":[{"href":"https:\/\/operapaskaret.se\/en\/wp-json\/wp\/v2\/types\/page"}],"author":[{"embeddable":true,"href":"https:\/\/operapaskaret.se\/en\/wp-json\/wp\/v2\/users\/1"}],"replies":[{"embeddable":true,"href":"https:\/\/operapaskaret.se\/en\/wp-json\/wp\/v2\/comments?post=10910"}],"version-history":[{"count":10,"href":"https:\/\/operapaskaret.se\/en\/wp-json\/wp\/v2\/pages\/10910\/revisions"}],"predecessor-version":[{"id":11998,"href":"https:\/\/operapaskaret.se\/en\/wp-json\/wp\/v2\/pages\/10910\/revisions\/11998"}],"wp:attachment":[{"href":"https:\/\/operapaskaret.se\/en\/wp-json\/wp\/v2\/media?parent=10910"}],"curies":[{"name":"wp","href":"https:\/\/api.w.org\/{rel}","templated":true}]}}