{"id":4372,"date":"2023-09-05T14:05:25","date_gmt":"2023-09-05T12:05:25","guid":{"rendered":"https:\/\/operapaskaret.se\/?page_id=4372"},"modified":"2025-12-05T14:08:14","modified_gmt":"2025-12-05T12:08:14","slug":"startpage","status":"publish","type":"page","link":"https:\/\/operapaskaret.se\/en\/","title":{"rendered":"Startpage"},"content":{"rendered":"<p>[et_pb_section fb_built=&#8221;1&#8243; fullwidth=&#8221;on&#8221; disabled_on=&#8221;off|off|off&#8221; _builder_version=&#8221;4.22.1&#8243; _module_preset=&#8221;default&#8221; locked=&#8221;off&#8221; global_colors_info=&#8221;{}&#8221;][et_pb_fullwidth_header title=&#8221;La Boh\u00e8me&#8221; subhead=&#8221;Giacomo Puccini&#8221; header_fullscreen=&#8221;on&#8221; button_one_text=&#8221;Buy tickets&#8221; button_one_url=&#8221;https:\/\/operapaskaret.se\/en\/tickets\/&#8221; button_two_text=&#8221;About La Boh\u00e8me&#8221; button_two_url=&#8221;https:\/\/operapaskaret.se\/en\/la-boheme-2026\/&#8221; background_overlay_color=&#8221;RGBA(255,255,255,0)&#8221; background_overlay_color_tablet=&#8221;RGBA(255,255,255,0)&#8221; background_overlay_color_phone=&#8221;rgba(28,28,28,0.4)&#8221; background_overlay_color_last_edited=&#8221;on|desktop&#8221; disabled_on=&#8221;off|off|off&#8221; _builder_version=&#8221;4.27.5&#8243; _module_preset=&#8221;default&#8221; title_text_color=&#8221;#ffffff&#8221; title_font_size=&#8221;96px&#8221; content_font=&#8221;||||||||&#8221; content_text_color=&#8221;#ffffff&#8221; content_line_height=&#8221;1.4em&#8221; subhead_font=&#8221;|600|||||||&#8221; subhead_text_color=&#8221;#ffffff&#8221; subhead_font_size=&#8221;25px&#8221; subhead_line_height=&#8221;1.3em&#8221; background_enable_color=&#8221;off&#8221; use_background_color_gradient=&#8221;on&#8221; background_color_gradient_direction=&#8221;83deg&#8221; background_color_gradient_stops=&#8221;#939393 0%|rgba(255,255,255,0) 87%&#8221; background_image=&#8221;https:\/\/operapaskaret.se\/wp-content\/uploads\/2025\/12\/OPS_LaBoheme_2026_1920x1080_Blank_spegel.jpg&#8221; background_blend=&#8221;multiply&#8221; background_enable_video_mp4=&#8221;off&#8221; custom_button_one=&#8221;on&#8221; button_one_text_color=&#8221;#ffffff&#8221; button_one_bg_color=&#8221;#6e2117&#8243; button_one_border_color=&#8221;#6e2117&#8243; button_one_use_icon=&#8221;off&#8221; custom_button_two=&#8221;on&#8221; button_two_text_color=&#8221;#ECECEC&#8221; button_two_bg_color=&#8221;#1c1c1c&#8221; button_two_border_color=&#8221;#1c1c1c&#8221; button_two_use_icon=&#8221;off&#8221; background_layout=&#8221;light&#8221; hover_enabled=&#8221;0&#8243; title_font_size_tablet=&#8221;100px&#8221; title_font_size_phone=&#8221;63px&#8221; title_font_size_last_edited=&#8221;on|phone&#8221; custom_css_title=&#8221;width: 450px;&#8221; custom_css_content=&#8221;margin-top: 20px;||width: 450px;&#8221; custom_css_subtitle=&#8221;width: 500px;&#8221; global_colors_info=&#8221;{}&#8221; custom_css_title_last_edited=&#8221;on|phone&#8221; custom_css_title_phone=&#8221;width: 100%;&#8221; custom_css_content_last_edited=&#8221;on|phone&#8221; custom_css_content_phone=&#8221;width: 100%;&#8221; custom_css_subtitle_last_edited=&#8221;on|phone&#8221; custom_css_subtitle_phone=&#8221;width: 100%;&#8221; custom_css_title_tablet=&#8221;width: 450px;&#8221; custom_css_content_tablet=&#8221;width: 450px;&#8221; custom_css_subtitle_tablet=&#8221;width: 450px;&#8221; button_one_border_width__hover_enabled=&#8221;on|desktop&#8221; button_one_border_color__hover_enabled=&#8221;on|hover&#8221; button_one_border_color__hover=&#8221;#ECECEC&#8221; button_one_bg_color__hover_enabled=&#8221;on|hover&#8221; button_one_bg_color__hover=&#8221;#ECECEC&#8221; button_one_bg_enable_color__hover=&#8221;on&#8221; button_two_bg_color__hover_enabled=&#8221;on|hover&#8221; button_two_bg_color__hover=&#8221;#ECECEC&#8221; button_two_bg_enable_color__hover=&#8221;on&#8221; button_two_text_color__hover_enabled=&#8221;on|hover&#8221; button_two_text_color__hover=&#8221;#000000&#8243; button_two_border_color__hover_enabled=&#8221;on|hover&#8221; button_two_border_color__hover=&#8221;#ECECEC&#8221; button_one_text_color__hover_enabled=&#8221;on|desktop&#8221; button_one_text_color__hover=&#8221;#1C1C1C&#8221; sticky_enabled=&#8221;0&#8243; background_last_edited=&#8221;on|tablet&#8221; background_position_phone=&#8221;top_right&#8221; background_horizontal_offset_phone=&#8221;27%&#8221; background_position_tablet=&#8221;top_right&#8221; background_horizontal_offset_tablet=&#8221;27%&#8221;]<\/p>\n<p>25th july \u2013 23rd aug 2026<\/p>\n<p>[\/et_pb_fullwidth_header][\/et_pb_section][et_pb_section fb_built=&#8221;1&#8243; admin_label=&#8221;FeatureVideo&#8221; _builder_version=&#8221;4.25.2&#8243; _module_preset=&#8221;default&#8221; background_color=&#8221;#f4f4f4&#8243; global_colors_info=&#8221;{}&#8221;][et_pb_row column_structure=&#8221;1_2,1_2&#8243; _builder_version=&#8221;4.19.0&#8243; _module_preset=&#8221;default&#8221; global_colors_info=&#8221;{}&#8221;][et_pb_column type=&#8221;1_2&#8243; _builder_version=&#8221;4.19.0&#8243; _module_preset=&#8221;default&#8221; global_colors_info=&#8221;{}&#8221;][et_pb_video src=&#8221;https:\/\/youtu.be\/nIYTxdIT2Sk?feature=shared&#8221; image_src=&#8221;\/\/i.ytimg.com\/vi\/nIYTxdIT2Sk\/hqdefault.jpg&#8221; _builder_version=&#8221;4.27.4&#8243; _module_preset=&#8221;default&#8221; global_colors_info=&#8221;{}&#8221;][\/et_pb_video][\/et_pb_column][et_pb_column type=&#8221;1_2&#8243; _builder_version=&#8221;4.19.0&#8243; _module_preset=&#8221;default&#8221; global_colors_info=&#8221;{}&#8221;][et_pb_text _builder_version=&#8221;4.22.2&#8243; _module_preset=&#8221;default&#8221; text_text_color=&#8221;#000000&#8243; global_colors_info=&#8221;{}&#8221;]<\/p>\n<h2>This is where nature and culture meet<\/h2>\n<p class=\"p1\">A former sawmill on the shore of a vast lake houses one of the world\u2019s most unique opera houses, renowned globally for its acoustics. It is here that opera singers and other contributors from all over the world create magnificent experiences at the frontier between nature and culture.<\/p>\n<p>[\/et_pb_text][et_pb_button button_url=&#8221;@ET-DC@eyJkeW5hbWljIjp0cnVlLCJjb250ZW50IjoicG9zdF9saW5rX3VybF9wYWdlIiwic2V0dGluZ3MiOnsicG9zdF9pZCI6IjQ0MTUifX0=@&#8221; button_text=&#8221;Our history&#8221; button_alignment=&#8221;center&#8221; _builder_version=&#8221;4.22.2&#8243; _dynamic_attributes=&#8221;button_url&#8221; _module_preset=&#8221;default&#8221; locked=&#8221;off&#8221; global_colors_info=&#8221;{}&#8221;][\/et_pb_button][\/et_pb_column][\/et_pb_row][\/et_pb_section][et_pb_section fb_built=&#8221;1&#8243; admin_label=&#8221;ParalaxBild&#8221; _builder_version=&#8221;4.27.4&#8243; _module_preset=&#8221;default&#8221; background_image=&#8221;https:\/\/operapaskaret.se\/wp-content\/uploads\/2025\/07\/photographer_andreas-hylthen-8210.jpg&#8221; parallax=&#8221;on&#8221; parallax_method=&#8221;off&#8221; global_colors_info=&#8221;{}&#8221;][et_pb_row _builder_version=&#8221;4.19.0&#8243; _module_preset=&#8221;default&#8221; global_colors_info=&#8221;{}&#8221;][et_pb_column type=&#8221;4_4&#8243; _builder_version=&#8221;4.19.0&#8243; _module_preset=&#8221;default&#8221; global_colors_info=&#8221;{}&#8221;][et_pb_divider show_divider=&#8221;off&#8221; _builder_version=&#8221;4.19.2&#8243; _module_preset=&#8221;default&#8221; background_enable_image=&#8221;off&#8221; min_height_tablet=&#8221;&#8221; min_height_phone=&#8221;&#8221; min_height_last_edited=&#8221;on|phone&#8221; height=&#8221;500px&#8221; height_tablet=&#8221;500px&#8221; height_phone=&#8221;250px&#8221; height_last_edited=&#8221;on|desktop&#8221; locked=&#8221;off&#8221; global_colors_info=&#8221;{}&#8221;][\/et_pb_divider][\/et_pb_column][\/et_pb_row][\/et_pb_section][et_pb_section fb_built=&#8221;1&#8243; admin_label=&#8221;ParalaxBild&#8221; _builder_version=&#8221;4.27.4&#8243; _module_preset=&#8221;default&#8221; background_image=&#8221;https:\/\/operapaskaret.se\/wp-content\/uploads\/2025\/07\/\u00a9andreas-hylthen_0065_D-Redigerad.jpg&#8221; parallax=&#8221;on&#8221; parallax_method=&#8221;off&#8221; global_colors_info=&#8221;{}&#8221;][et_pb_row _builder_version=&#8221;4.19.0&#8243; _module_preset=&#8221;default&#8221; global_colors_info=&#8221;{}&#8221;][et_pb_column type=&#8221;4_4&#8243; _builder_version=&#8221;4.19.0&#8243; _module_preset=&#8221;default&#8221; global_colors_info=&#8221;{}&#8221;][et_pb_divider show_divider=&#8221;off&#8221; _builder_version=&#8221;4.19.2&#8243; _module_preset=&#8221;default&#8221; background_enable_image=&#8221;off&#8221; min_height_tablet=&#8221;&#8221; min_height_phone=&#8221;&#8221; min_height_last_edited=&#8221;on|phone&#8221; height=&#8221;500px&#8221; height_tablet=&#8221;500px&#8221; height_phone=&#8221;250px&#8221; height_last_edited=&#8221;on|desktop&#8221; locked=&#8221;off&#8221; global_colors_info=&#8221;{}&#8221;][\/et_pb_divider][\/et_pb_column][\/et_pb_row][\/et_pb_section][et_pb_section fb_built=&#8221;1&#8243; _builder_version=&#8221;4.20.2&#8243; _module_preset=&#8221;default&#8221; background_color=&#8221;RGBA(255,255,255,0)&#8221; locked=&#8221;off&#8221; global_colors_info=&#8221;{}&#8221;][et_pb_row column_structure=&#8221;1_2,1_2&#8243; _builder_version=&#8221;4.19.5&#8243; _module_preset=&#8221;default&#8221; global_colors_info=&#8221;{}&#8221;][et_pb_column type=&#8221;1_2&#8243; _builder_version=&#8221;4.19.5&#8243; _module_preset=&#8221;default&#8221; global_colors_info=&#8221;{}&#8221;][et_pb_code _builder_version=&#8221;4.19.5&#8243; _module_preset=&#8221;default&#8221; global_colors_info=&#8221;{}&#8221;]<iframe src=\"https:\/\/www.google.com\/maps\/embed?pb=!1m18!1m12!1m3!1d4101851.2346439!2d12.167705125319955!3d59.86811977848545!2m3!1f0!2f0!3f0!3m2!1i1024!2i768!4f13.1!3m3!1m2!1s0x465da83cc8cd8e83%3A0xb0a966d29bce784a!2zT3BlcmEgcMOlIFNrw6RyZXQ!5e0!3m2!1ssv!2sse!4v1676034867579!5m2!1ssv!2sse\" width=\"600\" height=\"450\" style=\"border:0;\" allowfullscreen=\"\" loading=\"lazy\" referrerpolicy=\"no-referrer-when-downgrade\"><\/iframe>[\/et_pb_code][\/et_pb_column][et_pb_column type=&#8221;1_2&#8243; _builder_version=&#8221;4.19.5&#8243; _module_preset=&#8221;default&#8221; global_colors_info=&#8221;{}&#8221;][et_pb_text _builder_version=&#8221;4.22.2&#8243; _module_preset=&#8221;default&#8221; global_colors_info=&#8221;{}&#8221;]<\/p>\n<h3>How to get here \u2013 by car, bus or train<\/h3>\n<p>You will find Opera p\u00e5 Sk\u00e4ret in the heart of the Bergslagen region, midway between Stockholm and Oslo and <strong>a convenient drive <\/strong>from many towns and cities in central Sweden (see map).<\/p>\n<p><strong>Package tours by bus, <\/strong>with or without an overnight stay, are arranged by many travel agencies around Sweden.<\/p>\n<p><strong>The Opera Train from Stockholm <\/strong>offers a unique all-day experience including travel, food and opera.<\/p>\n<p>[\/et_pb_text][et_pb_button button_url=&#8221;\/en\/your-visit\/&#8221; button_text=&#8221;Your visit&#8221; button_alignment=&#8221;center&#8221; _builder_version=&#8221;4.22.2&#8243; _module_preset=&#8221;default&#8221; global_colors_info=&#8221;{}&#8221;][\/et_pb_button][\/et_pb_column][\/et_pb_row][\/et_pb_section][et_pb_section fb_built=&#8221;1&#8243; admin_label=&#8221;ParalaxBild&#8221; _builder_version=&#8221;4.27.4&#8243; _module_preset=&#8221;default&#8221; background_image=&#8221;https:\/\/operapaskaret.se\/wp-content\/uploads\/2025\/07\/photographer_andreas-hylthen-7665.jpg&#8221; parallax=&#8221;on&#8221; parallax_method=&#8221;off&#8221; global_colors_info=&#8221;{}&#8221;][et_pb_row _builder_version=&#8221;4.19.0&#8243; _module_preset=&#8221;default&#8221; global_colors_info=&#8221;{}&#8221;][et_pb_column type=&#8221;4_4&#8243; _builder_version=&#8221;4.19.0&#8243; _module_preset=&#8221;default&#8221; global_colors_info=&#8221;{}&#8221;][et_pb_divider show_divider=&#8221;off&#8221; _builder_version=&#8221;4.19.2&#8243; _module_preset=&#8221;default&#8221; background_enable_image=&#8221;off&#8221; min_height_tablet=&#8221;&#8221; min_height_phone=&#8221;&#8221; min_height_last_edited=&#8221;on|phone&#8221; height=&#8221;500px&#8221; height_tablet=&#8221;500px&#8221; height_phone=&#8221;250px&#8221; height_last_edited=&#8221;on|desktop&#8221; global_colors_info=&#8221;{}&#8221;][\/et_pb_divider][\/et_pb_column][\/et_pb_row][\/et_pb_section]<\/p>\n","protected":false},"excerpt":{"rendered":"<p>25th july \u2013 23rd aug 2026This is where nature and culture meet A former sawmill on the shore of a vast lake houses one of the world\u2019s most unique opera houses, renowned globally for its acoustics. It is here that opera singers and other contributors from all over the world create magnificent experiences at the [&hellip;]<\/p>\n","protected":false},"author":1,"featured_media":0,"parent":0,"menu_order":0,"comment_status":"closed","ping_status":"closed","template":"","meta":{"_et_pb_use_builder":"on","_et_pb_old_content":"[et_pb_section fb_built=\"1\" fullwidth=\"on\" disabled_on=\"off|off|off\" _builder_version=\"4.22.1\" _module_preset=\"default\" locked=\"off\" global_colors_info=\"{}\"][et_pb_fullwidth_header title=\"Norma\" subhead=\"Biljetter till de tv\u00e5 f\u00f6rsta helgerna sl\u00e4pps 11 oktober 2023\" header_fullscreen=\"on\" button_one_text=\"K\u00f6p biljetter\" button_one_url=\"https:\/\/www.nortic.se\/ticket\/event\/50025\" button_two_text=\"Om F\u00f6rest\u00e4llningen\" button_two_url=\"@ET-DC@eyJkeW5hbWljIjp0cnVlLCJjb250ZW50IjoicG9zdF9saW5rX3VybF9wYWdlIiwic2V0dGluZ3MiOnsicG9zdF9pZCI6IjQzMzgifX0=@\" background_overlay_color=\"RGBA(255,255,255,0)\" background_overlay_color_tablet=\"RGBA(255,255,255,0)\" background_overlay_color_phone=\"rgba(28,28,28,0.4)\" background_overlay_color_last_edited=\"on|desktop\" _builder_version=\"4.22.2\" _dynamic_attributes=\"button_two_url\" _module_preset=\"default\" title_font_size=\"96px\" content_font=\"||||||||\" content_text_color=\"#ffffff\" content_line_height=\"1.4em\" subhead_font=\"|600|||||||\" subhead_font_size=\"25px\" subhead_line_height=\"1.3em\" background_enable_color=\"off\" use_background_color_gradient=\"on\" background_color_gradient_direction=\"83deg\" background_color_gradient_stops=\"#b1b1b1 0%|rgba(255,255,255,0) 87%\" background_image=\"https:\/\/operapaskaret.se\/wp-content\/uploads\/2023\/10\/OPS_Norma_2023_1920x1080_bg.jpg\" background_enable_video_mp4=\"off\" custom_button_one=\"on\" button_one_text_color=\"#000000\" button_one_bg_color=\"#CDAEAE\" button_one_border_color=\"#CDAEAE\" button_one_use_icon=\"off\" custom_button_two=\"on\" button_two_text_color=\"#ECECEC\" button_two_bg_color=\"#1c1c1c\" button_two_border_color=\"#1c1c1c\" button_two_use_icon=\"off\" title_font_size_tablet=\"100px\" title_font_size_phone=\"63px\" title_font_size_last_edited=\"on|phone\" custom_css_title=\"width: 450px;\" custom_css_content=\"margin-top: 20px;||width: 450px;\" custom_css_subtitle=\"width: 450px;\" title_text_shadow_style=\"preset1\" title_text_shadow_vertical_length=\"0.06em\" title_text_shadow_blur_strength=\"0.14em\" content_text_shadow_style=\"preset1\" content_text_shadow_vertical_length=\"0.04em\" content_text_shadow_blur_strength=\"0.3em\" global_colors_info=\"{}\" custom_css_title_last_edited=\"on|phone\" custom_css_title_phone=\"width: 100%;\" custom_css_content_last_edited=\"on|phone\" custom_css_content_phone=\"width: 100%;\" custom_css_subtitle_last_edited=\"on|phone\" custom_css_subtitle_phone=\"width: 100%;\" custom_css_title_tablet=\"width: 450px;\" custom_css_content_tablet=\"width: 450px;\" custom_css_subtitle_tablet=\"width: 450px;\" button_one_border_width__hover_enabled=\"on|desktop\" button_one_border_color__hover_enabled=\"on|desktop\" button_one_border_color__hover=\"#ECECEC\" button_one_bg_color__hover_enabled=\"on|hover\" button_one_bg_color__hover=\"#ECECEC\" button_one_bg_enable_color__hover=\"on\" button_two_bg_color__hover_enabled=\"on|hover\" button_two_bg_color__hover=\"#ECECEC\" button_two_bg_enable_color__hover=\"on\" button_two_text_color__hover_enabled=\"on|hover\" button_two_text_color__hover=\"#000000\" button_two_border_color__hover_enabled=\"on|hover\" button_two_border_color__hover=\"#ECECEC\"]\n\n<strong>Vincenzo Bellinis m\u00e4sterverk<\/strong>\n27 juli \u2013 25 augusti 2024\n\n[\/et_pb_fullwidth_header][\/et_pb_section][et_pb_section fb_built=\"1\" disabled_on=\"off|off|off\" admin_label=\"FeatureText\" _builder_version=\"4.19.1\" _module_preset=\"default\" global_colors_info=\"{}\"][et_pb_row column_structure=\"1_2,1_2\" disabled_on=\"off|off|off\" _builder_version=\"4.22.1\" _module_preset=\"default\" global_colors_info=\"{}\"][et_pb_column type=\"1_2\" _builder_version=\"4.19.0\" _module_preset=\"default\" global_colors_info=\"{}\"][et_pb_text _builder_version=\"4.22.1\" _module_preset=\"default\" text_orientation=\"center\" max_width=\"750px\" module_alignment=\"center\" global_colors_info=\"{}\"]\n<h3 style=\"text-align: left;\">Opera p\u00e5 Sk\u00e4ret s\u00e4tter upp Norma sommaren 2024<\/h3>\n<p style=\"text-align: left;\">Premi\u00e4r f\u00f6r Bellini p\u00e5 Sk\u00e4ret. Biljettf\u00f6rs\u00e4ljningen startar den 11 oktober. <a href=\"https:\/\/operapaskaret.se\/opera-pa-skaret-satter-upp-norma-sommaren-2024\">L\u00e4s mer<\/a><\/p>\n[\/et_pb_text][\/et_pb_column][et_pb_column type=\"1_2\" _builder_version=\"4.19.0\" _module_preset=\"default\" global_colors_info=\"{}\"][et_pb_text _builder_version=\"4.22.1\" _module_preset=\"default\" text_orientation=\"center\" max_width=\"750px\" module_alignment=\"center\" global_colors_info=\"{}\"]\n<h3 style=\"text-align: left;\">Audition for professional opera singers<\/h3>\n<p style=\"text-align: left;\">Opera p\u00e5 Sk\u00e4ret will stage Bellini\u00b4s Norma in the summer of\u00a0 2024. Auditions are held in Stockholm in November.\u00a0<a href=\"https:\/\/operapaskaret.se\/audition-for-professional-opera-singers\" title=\"Audition f\u00f6r professional opera singers\">Read more<\/a><\/p>\n[\/et_pb_text][\/et_pb_column][\/et_pb_row][\/et_pb_section][et_pb_section fb_built=\"1\" admin_label=\"ParalaxBild\" _builder_version=\"4.22.1\" _module_preset=\"default\" background_image=\"https:\/\/operapaskaret.se\/wp-content\/uploads\/2023\/07\/OPS_Rigoletto_2023_12.jpg\" parallax=\"on\" parallax_method=\"off\" global_colors_info=\"{}\"][et_pb_row _builder_version=\"4.19.0\" _module_preset=\"default\" global_colors_info=\"{}\"][et_pb_column type=\"4_4\" _builder_version=\"4.19.0\" _module_preset=\"default\" global_colors_info=\"{}\"][et_pb_divider show_divider=\"off\" _builder_version=\"4.19.2\" _module_preset=\"default\" background_enable_image=\"off\" min_height_tablet=\"\" min_height_phone=\"\" min_height_last_edited=\"on|phone\" height=\"500px\" height_tablet=\"500px\" height_phone=\"250px\" height_last_edited=\"on|desktop\" locked=\"off\" global_colors_info=\"{}\"][\/et_pb_divider][\/et_pb_column][\/et_pb_row][\/et_pb_section][et_pb_section fb_built=\"1\" admin_label=\"FeatureVideo\" _builder_version=\"4.19.1\" _module_preset=\"default\" global_colors_info=\"{}\"][et_pb_row column_structure=\"1_2,1_2\" _builder_version=\"4.19.0\" _module_preset=\"default\" global_colors_info=\"{}\"][et_pb_column type=\"1_2\" _builder_version=\"4.19.0\" _module_preset=\"default\" global_colors_info=\"{}\"][et_pb_video src=\"https:\/\/youtu.be\/-7yYp6qNbl8\" image_src=\"\/\/i.ytimg.com\/vi\/-7yYp6qNbl8\/hqdefault.jpg\" _builder_version=\"4.19.2\" _module_preset=\"default\" global_colors_info=\"{}\"][\/et_pb_video][\/et_pb_column][et_pb_column type=\"1_2\" _builder_version=\"4.19.0\" _module_preset=\"default\" global_colors_info=\"{}\"][et_pb_text _builder_version=\"4.22.1\" _module_preset=\"default\" text_text_color=\"#000000\" global_colors_info=\"{}\"]\n<h2>H\u00e4r m\u00f6ts natur och kultur<\/h2>\n<p class=\"p1\">P\u00e5 ett f\u00f6re detta s\u00e5gverk, vid stranden av en vidstr\u00e4ckt sj\u00f6, inryms ett av v\u00e4rldens mest s\u00e4regna operahus, v\u00e4rldsber\u00f6mt f\u00f6r sin akustik.\nH\u00e4r skapar s\u00e5ngare och medarbetare fr\u00e5n hela v\u00e4rlden storslagna upplevelser i ett m\u00f6te mellan natur och kultur.<\/p>\n[\/et_pb_text][\/et_pb_column][\/et_pb_row][\/et_pb_section][et_pb_section fb_built=\"1\" admin_label=\"ParalaxBild\" _builder_version=\"4.19.2\" _module_preset=\"default\" background_image=\"https:\/\/operapaskaret.se\/wp-content\/uploads\/2022\/11\/OPS_Skaret_2022.jpg\" parallax=\"on\" parallax_method=\"off\" global_colors_info=\"{}\"][et_pb_row _builder_version=\"4.19.0\" _module_preset=\"default\" global_colors_info=\"{}\"][et_pb_column type=\"4_4\" _builder_version=\"4.19.0\" _module_preset=\"default\" global_colors_info=\"{}\"][et_pb_divider show_divider=\"off\" _builder_version=\"4.19.2\" _module_preset=\"default\" background_enable_image=\"off\" min_height_tablet=\"\" min_height_phone=\"\" min_height_last_edited=\"on|phone\" height=\"500px\" height_tablet=\"500px\" height_phone=\"250px\" height_last_edited=\"on|desktop\" locked=\"off\" global_colors_info=\"{}\"][\/et_pb_divider][\/et_pb_column][\/et_pb_row][\/et_pb_section][et_pb_section fb_built=\"1\" fullwidth=\"on\" admin_label=\"HistoriaKarusell\" _builder_version=\"4.19.1\" _module_preset=\"default\" global_module=\"969\" saved_tabs=\"all\" locked=\"off\" global_colors_info=\"{}\"][land_carousel parent_page=\"263\" _builder_version=\"4.20.2\" _module_preset=\"default\" global_colors_info=\"{}\"]\n\n<span><img src=\"https:\/\/operapaskaret.se\/wp-content\/uploads\/2023\/01\/OPS_Logo_2023_b.svg\" width=\"200\" height=\"200\" alt=\"\" class=\"wp-image-965 alignnone size-medium\" style=\"display: block; margin-left: auto; margin-right: auto;\" \/><\/span>\n\n<span><\/span>\n\n<span>Tv\u00e5 decennier av h\u00f6gklassig opera och stora konstn\u00e4rliga upplevelser mitt i Bergslagens vildmark.<\/span>\n\n<span>Efter tjugo \u00e5r \u00e4r Opera p\u00e5 Sk\u00e4ret en internationellt etablerad arena f\u00f6r sommaropera.<\/span>\n\n&nbsp;\n\n[\/land_carousel][\/et_pb_section][et_pb_section fb_built=\"1\" admin_label=\"ParalaxBild\" _builder_version=\"4.22.2\" _module_preset=\"default\" background_image=\"https:\/\/operapaskaret.se\/wp-content\/uploads\/2023\/07\/OPS_2012_Lucia_Hanna_Husahr_Ann_Roach_01_big.jpg\" parallax=\"on\" parallax_method=\"off\" hover_enabled=\"0\" global_colors_info=\"{}\" title_text=\"OPS_2012_Lucia_Hanna_Husahr_Ann_Roach_01_big\" sticky_enabled=\"0\"][et_pb_row _builder_version=\"4.19.0\" _module_preset=\"default\" global_colors_info=\"{}\"][et_pb_column type=\"4_4\" _builder_version=\"4.19.0\" _module_preset=\"default\" global_colors_info=\"{}\"][et_pb_divider show_divider=\"off\" _builder_version=\"4.19.2\" _module_preset=\"default\" background_enable_image=\"off\" min_height_tablet=\"\" min_height_phone=\"\" min_height_last_edited=\"on|phone\" height=\"500px\" height_tablet=\"500px\" height_phone=\"250px\" height_last_edited=\"on|desktop\" global_colors_info=\"{}\"][\/et_pb_divider][\/et_pb_column][\/et_pb_row][\/et_pb_section]","_et_gb_content_width":"","inline_featured_image":false,"footnotes":""},"class_list":["post-4372","page","type-page","status-publish","hentry"],"yoast_head":"<!-- This site is optimized with the Yoast SEO plugin v27.5 - https:\/\/yoast.com\/product\/yoast-seo-wordpress\/ -->\n<title>Startpage - Opera p\u00e5 Sk\u00e4ret<\/title>\n<meta name=\"robots\" content=\"index, follow, max-snippet:-1, max-image-preview:large, max-video-preview:-1\" \/>\n<link rel=\"canonical\" href=\"https:\/\/operapaskaret.se\/en\/\" \/>\n<meta property=\"og:locale\" content=\"en_US\" \/>\n<meta property=\"og:type\" content=\"article\" \/>\n<meta property=\"og:title\" content=\"Startpage - Opera p\u00e5 Sk\u00e4ret\" \/>\n<meta property=\"og:description\" content=\"25th july \u2013 23rd aug 2026This is where nature and culture meet A former sawmill on the shore of a vast lake houses one of the world\u2019s most unique opera houses, renowned globally for its acoustics. It is here that opera singers and other contributors from all over the world create magnificent experiences at the [&hellip;]\" \/>\n<meta property=\"og:url\" content=\"https:\/\/operapaskaret.se\/en\/\" \/>\n<meta property=\"og:site_name\" content=\"Opera p\u00e5 Sk\u00e4ret\" \/>\n<meta property=\"article:publisher\" content=\"https:\/\/www.facebook.com\/operapaskaret\" \/>\n<meta property=\"article:modified_time\" content=\"2025-12-05T12:08:14+00:00\" \/>\n<meta property=\"og:image\" content=\"https:\/\/operapaskaret.se\/wp-content\/uploads\/2025\/07\/\u00a9andreas-hylthen_0065_D-Redigerad.jpg\" \/>\n\t<meta property=\"og:image:width\" content=\"1920\" \/>\n\t<meta property=\"og:image:height\" content=\"1070\" \/>\n\t<meta property=\"og:image:type\" content=\"image\/jpeg\" \/>\n<meta name=\"twitter:card\" content=\"summary_large_image\" \/>\n<meta name=\"twitter:image\" content=\"https:\/\/operapaskaret.se\/wp-content\/uploads\/2025\/07\/\u00a9andreas-hylthen_0065_D-Redigerad.jpg\" \/>\n<meta name=\"twitter:label1\" content=\"Est. reading time\" \/>\n\t<meta name=\"twitter:data1\" content=\"1 minute\" \/>\n<script type=\"application\/ld+json\" class=\"yoast-schema-graph\">{\"@context\":\"https:\\\/\\\/schema.org\",\"@graph\":[{\"@type\":\"WebPage\",\"@id\":\"https:\\\/\\\/operapaskaret.se\\\/en\\\/\",\"url\":\"https:\\\/\\\/operapaskaret.se\\\/en\\\/\",\"name\":\"Startpage - Opera p\u00e5 Sk\u00e4ret\",\"isPartOf\":{\"@id\":\"https:\\\/\\\/operapaskaret.se\\\/#website\"},\"datePublished\":\"2023-09-05T12:05:25+00:00\",\"dateModified\":\"2025-12-05T12:08:14+00:00\",\"breadcrumb\":{\"@id\":\"https:\\\/\\\/operapaskaret.se\\\/en\\\/#breadcrumb\"},\"inLanguage\":\"en-US\",\"potentialAction\":[{\"@type\":\"ReadAction\",\"target\":[\"https:\\\/\\\/operapaskaret.se\\\/en\\\/\"]}]},{\"@type\":\"BreadcrumbList\",\"@id\":\"https:\\\/\\\/operapaskaret.se\\\/en\\\/#breadcrumb\",\"itemListElement\":[{\"@type\":\"ListItem\",\"position\":1,\"name\":\"Hem\",\"item\":\"https:\\\/\\\/operapaskaret.se\\\/en\\\/\"},{\"@type\":\"ListItem\",\"position\":2,\"name\":\"Startpage\"}]},{\"@type\":\"WebSite\",\"@id\":\"https:\\\/\\\/operapaskaret.se\\\/#website\",\"url\":\"https:\\\/\\\/operapaskaret.se\\\/\",\"name\":\"Opera p\u00e5 Sk\u00e4ret\",\"description\":\"The Opera Festival in the heart of Sweden\",\"publisher\":{\"@id\":\"https:\\\/\\\/operapaskaret.se\\\/#organization\"},\"potentialAction\":[{\"@type\":\"SearchAction\",\"target\":{\"@type\":\"EntryPoint\",\"urlTemplate\":\"https:\\\/\\\/operapaskaret.se\\\/?s={search_term_string}\"},\"query-input\":{\"@type\":\"PropertyValueSpecification\",\"valueRequired\":true,\"valueName\":\"search_term_string\"}}],\"inLanguage\":\"en-US\"},{\"@type\":\"Organization\",\"@id\":\"https:\\\/\\\/operapaskaret.se\\\/#organization\",\"name\":\"Opera p\u00e5 Sk\u00e4ret\",\"url\":\"https:\\\/\\\/operapaskaret.se\\\/\",\"logo\":{\"@type\":\"ImageObject\",\"inLanguage\":\"en-US\",\"@id\":\"https:\\\/\\\/operapaskaret.se\\\/#\\\/schema\\\/logo\\\/image\\\/\",\"url\":\"https:\\\/\\\/operapaskaret.se\\\/wp-content\\\/uploads\\\/2023\\\/01\\\/OPS_Logo_2023_b.svg\",\"contentUrl\":\"https:\\\/\\\/operapaskaret.se\\\/wp-content\\\/uploads\\\/2023\\\/01\\\/OPS_Logo_2023_b.svg\",\"width\":\"1024\",\"height\":\"1024\",\"caption\":\"Opera p\u00e5 Sk\u00e4ret\"},\"image\":{\"@id\":\"https:\\\/\\\/operapaskaret.se\\\/#\\\/schema\\\/logo\\\/image\\\/\"},\"sameAs\":[\"https:\\\/\\\/www.facebook.com\\\/operapaskaret\",\"https:\\\/\\\/www.instagram.com\\\/operapaskaret\\\/\"]}]}<\/script>\n<!-- \/ Yoast SEO plugin. -->","yoast_head_json":{"title":"Startpage - Opera p\u00e5 Sk\u00e4ret","robots":{"index":"index","follow":"follow","max-snippet":"max-snippet:-1","max-image-preview":"max-image-preview:large","max-video-preview":"max-video-preview:-1"},"canonical":"https:\/\/operapaskaret.se\/en\/","og_locale":"en_US","og_type":"article","og_title":"Startpage - Opera p\u00e5 Sk\u00e4ret","og_description":"25th july \u2013 23rd aug 2026This is where nature and culture meet A former sawmill on the shore of a vast lake houses one of the world\u2019s most unique opera houses, renowned globally for its acoustics. It is here that opera singers and other contributors from all over the world create magnificent experiences at the [&hellip;]","og_url":"https:\/\/operapaskaret.se\/en\/","og_site_name":"Opera p\u00e5 Sk\u00e4ret","article_publisher":"https:\/\/www.facebook.com\/operapaskaret","article_modified_time":"2025-12-05T12:08:14+00:00","og_image":[{"width":1920,"height":1070,"url":"https:\/\/operapaskaret.se\/wp-content\/uploads\/2025\/07\/\u00a9andreas-hylthen_0065_D-Redigerad.jpg","type":"image\/jpeg"}],"twitter_card":"summary_large_image","twitter_image":"https:\/\/operapaskaret.se\/wp-content\/uploads\/2025\/07\/\u00a9andreas-hylthen_0065_D-Redigerad.jpg","twitter_misc":{"Est. reading time":"1 minute"},"schema":{"@context":"https:\/\/schema.org","@graph":[{"@type":"WebPage","@id":"https:\/\/operapaskaret.se\/en\/","url":"https:\/\/operapaskaret.se\/en\/","name":"Startpage - Opera p\u00e5 Sk\u00e4ret","isPartOf":{"@id":"https:\/\/operapaskaret.se\/#website"},"datePublished":"2023-09-05T12:05:25+00:00","dateModified":"2025-12-05T12:08:14+00:00","breadcrumb":{"@id":"https:\/\/operapaskaret.se\/en\/#breadcrumb"},"inLanguage":"en-US","potentialAction":[{"@type":"ReadAction","target":["https:\/\/operapaskaret.se\/en\/"]}]},{"@type":"BreadcrumbList","@id":"https:\/\/operapaskaret.se\/en\/#breadcrumb","itemListElement":[{"@type":"ListItem","position":1,"name":"Hem","item":"https:\/\/operapaskaret.se\/en\/"},{"@type":"ListItem","position":2,"name":"Startpage"}]},{"@type":"WebSite","@id":"https:\/\/operapaskaret.se\/#website","url":"https:\/\/operapaskaret.se\/","name":"Opera p\u00e5 Sk\u00e4ret","description":"The Opera Festival in the heart of Sweden","publisher":{"@id":"https:\/\/operapaskaret.se\/#organization"},"potentialAction":[{"@type":"SearchAction","target":{"@type":"EntryPoint","urlTemplate":"https:\/\/operapaskaret.se\/?s={search_term_string}"},"query-input":{"@type":"PropertyValueSpecification","valueRequired":true,"valueName":"search_term_string"}}],"inLanguage":"en-US"},{"@type":"Organization","@id":"https:\/\/operapaskaret.se\/#organization","name":"Opera p\u00e5 Sk\u00e4ret","url":"https:\/\/operapaskaret.se\/","logo":{"@type":"ImageObject","inLanguage":"en-US","@id":"https:\/\/operapaskaret.se\/#\/schema\/logo\/image\/","url":"https:\/\/operapaskaret.se\/wp-content\/uploads\/2023\/01\/OPS_Logo_2023_b.svg","contentUrl":"https:\/\/operapaskaret.se\/wp-content\/uploads\/2023\/01\/OPS_Logo_2023_b.svg","width":"1024","height":"1024","caption":"Opera p\u00e5 Sk\u00e4ret"},"image":{"@id":"https:\/\/operapaskaret.se\/#\/schema\/logo\/image\/"},"sameAs":["https:\/\/www.facebook.com\/operapaskaret","https:\/\/www.instagram.com\/operapaskaret\/"]}]}},"_links":{"self":[{"href":"https:\/\/operapaskaret.se\/en\/wp-json\/wp\/v2\/pages\/4372","targetHints":{"allow":["GET"]}}],"collection":[{"href":"https:\/\/operapaskaret.se\/en\/wp-json\/wp\/v2\/pages"}],"about":[{"href":"https:\/\/operapaskaret.se\/en\/wp-json\/wp\/v2\/types\/page"}],"author":[{"embeddable":true,"href":"https:\/\/operapaskaret.se\/en\/wp-json\/wp\/v2\/users\/1"}],"replies":[{"embeddable":true,"href":"https:\/\/operapaskaret.se\/en\/wp-json\/wp\/v2\/comments?post=4372"}],"version-history":[{"count":49,"href":"https:\/\/operapaskaret.se\/en\/wp-json\/wp\/v2\/pages\/4372\/revisions"}],"predecessor-version":[{"id":11281,"href":"https:\/\/operapaskaret.se\/en\/wp-json\/wp\/v2\/pages\/4372\/revisions\/11281"}],"wp:attachment":[{"href":"https:\/\/operapaskaret.se\/en\/wp-json\/wp\/v2\/media?parent=4372"}],"curies":[{"name":"wp","href":"https:\/\/api.w.org\/{rel}","templated":true}]}}