{"id":9786,"date":"2023-03-30T11:41:01","date_gmt":"2023-03-30T09:41:01","guid":{"rendered":"https:\/\/operapaskaret.se\/organisation\/"},"modified":"2025-04-24T16:12:23","modified_gmt":"2025-04-24T14:12:23","slug":"organisation","status":"publish","type":"page","link":"https:\/\/operapaskaret.se\/en\/organisation\/","title":{"rendered":"Organisation"},"content":{"rendered":"<p>[et_pb_section fb_built=&#8221;1&#8243; _builder_version=&#8221;4.19.5&#8243; _module_preset=&#8221;default&#8221; global_colors_info=&#8221;{}&#8221;][et_pb_row _builder_version=&#8221;4.19.5&#8243; _module_preset=&#8221;default&#8221; global_colors_info=&#8221;{}&#8221;][et_pb_column type=&#8221;4_4&#8243; _builder_version=&#8221;4.19.5&#8243; _module_preset=&#8221;default&#8221; global_colors_info=&#8221;{}&#8221;][et_pb_text _builder_version=&#8221;4.20.2&#8243; _module_preset=&#8221;default&#8221; global_colors_info=&#8221;{}&#8221;]<\/p>\n<h1 style=\"text-align: center;\">Organisation<\/h1>\n<p>[\/et_pb_text][\/et_pb_column][\/et_pb_row][et_pb_row _builder_version=&#8221;4.19.5&#8243; _module_preset=&#8221;default&#8221; global_colors_info=&#8221;{}&#8221;][et_pb_column type=&#8221;4_4&#8243; _builder_version=&#8221;4.19.5&#8243; _module_preset=&#8221;default&#8221; global_colors_info=&#8221;{}&#8221;][et_pb_text _builder_version=&#8221;4.20.4&#8243; _module_preset=&#8221;default&#8221; global_colors_info=&#8221;{}&#8221;]<\/p>\n<div class=\"vc-row-wrapper vc_custom_1546969463463\" data-parallax_sense=\"30\">\n<div class=\"dfd-row-bg-overlay\"><\/div>\n<\/div>\n<div class=\"vc-row-wrapper vc_custom_1546969471433\" data-parallax_sense=\"30\">\n<div class=\"wpb_row row\">\n<div class=\"twelve columns vc-column-extra-class-642c140ac4d06\" data-parallax_sense=\"30\">\n<div class=\"wpb_wrapper\">\n<div class=\"wpb_text_column wpb_content_element  vc_custom_1548408306532\">\n<div class=\"wpb_wrapper\">\n<p><span>Opera p\u00e5 Sk\u00e4ret&#8217;s principal organization is the non-profit foundation Kulturcentrum Ljusnarsberg, which owns Sk\u00e4ret Produktion AB and its subsidiary Operafastigheter AB.<\/span><\/p>\n<\/div>\n<\/div>\n<\/div>\n<\/div>\n<\/div>\n<\/div>\n<p>[\/et_pb_text][\/et_pb_column][\/et_pb_row][et_pb_row column_structure=&#8221;1_3,1_3,1_3&#8243; _builder_version=&#8221;4.19.5&#8243; _module_preset=&#8221;default&#8221; global_colors_info=&#8221;{}&#8221;][et_pb_column type=&#8221;1_3&#8243; _builder_version=&#8221;4.19.5&#8243; _module_preset=&#8221;default&#8221; global_colors_info=&#8221;{}&#8221;][et_pb_text _builder_version=&#8221;4.27.4&#8243; _module_preset=&#8221;default&#8221; header_3_line_height=&#8221;1.3em&#8221; hover_enabled=&#8221;0&#8243; global_colors_info=&#8221;{}&#8221; sticky_enabled=&#8221;0&#8243;]<\/p>\n<div class=\"vc-row-wrapper vc_custom_1546969471433\" data-parallax_sense=\"30\">\n<div class=\"wpb_row row\">\n<div class=\"four columns vc-column-extra-class-642c140ac6025\" data-parallax_sense=\"30\">\n<div class=\"wpb_wrapper\">\n<div class=\"wpb_text_column wpb_content_element  vc_custom_1548094212488\">\n<div class=\"wpb_wrapper\">\n<h3><span>Board of Directors, Kulturcentrum Ljusnarsberg Foundation<\/span><\/h3>\n<\/div>\n<\/div>\n<\/div>\n<\/div>\n<div class=\"four columns vc-column-extra-class-642c140ac690c\" data-parallax_sense=\"30\">\n<div class=\"wpb_wrapper\"><\/div>\n<\/div>\n<\/div>\n<\/div>\n<div class=\"vc-row-wrapper vc_custom_1546969471433\" data-parallax_sense=\"30\">\n<div class=\"wpb_row row\">\n<div class=\"four columns vc-column-extra-class-642c140ac70ac\" data-parallax_sense=\"30\">\n<div class=\"wpb_wrapper\">\n<div class=\"wpb_text_column wpb_content_element  vc_custom_1548408351663\">\n<div class=\"wpb_wrapper\">\n<p>Rose-Marie Frebran, Chairperson<br \/>Sverker Gawell<br \/>Ulf Hilding, Secretary<br \/>Alexander Niclasson<br \/>Sten Niclasson, Vice Chairperson<\/p>\n<\/div>\n<\/div>\n<\/div>\n<\/div>\n<\/div>\n<\/div>\n<p>[\/et_pb_text][\/et_pb_column][et_pb_column type=&#8221;1_3&#8243; _builder_version=&#8221;4.19.5&#8243; _module_preset=&#8221;default&#8221; global_colors_info=&#8221;{}&#8221;][et_pb_text _builder_version=&#8221;4.27.4&#8243; _module_preset=&#8221;default&#8221; header_3_line_height=&#8221;1.3em&#8221; hover_enabled=&#8221;0&#8243; global_colors_info=&#8221;{}&#8221; sticky_enabled=&#8221;0&#8243;]<\/p>\n<h3>board of directors, Sk\u00e4ret Produktion AB<\/h3>\n<p><span>Rosemarie Frebran, Chairperson<br \/>Marie-Louise Forsberg Fransson<br \/>Sverker Gawell<br \/>Alexander Niclasson<\/span><br \/><span>Sten Niclasson<br \/><\/span>Anette Stjernkvist<\/p>\n<p>[\/et_pb_text][\/et_pb_column][et_pb_column type=&#8221;1_3&#8243; _builder_version=&#8221;4.19.5&#8243; _module_preset=&#8221;default&#8221; global_colors_info=&#8221;{}&#8221;][et_pb_text _builder_version=&#8221;4.27.4&#8243; _module_preset=&#8221;default&#8221; header_3_line_height=&#8221;1.3em&#8221; hover_enabled=&#8221;0&#8243; global_colors_info=&#8221;{}&#8221; sticky_enabled=&#8221;0&#8243;]<\/p>\n<h3>board of directors, Operafastigheter AB<\/h3>\n<p><span>Sten Niclasson, Chairperson<\/span><br \/><span>Alexander Niclasson, Alternate Member<\/span><\/p>\n<p>[\/et_pb_text][\/et_pb_column][\/et_pb_row][et_pb_row _builder_version=&#8221;4.19.5&#8243; _module_preset=&#8221;default&#8221; global_colors_info=&#8221;{}&#8221;][et_pb_column type=&#8221;4_4&#8243; _builder_version=&#8221;4.19.5&#8243; _module_preset=&#8221;default&#8221; global_colors_info=&#8221;{}&#8221;][et_pb_text _builder_version=&#8221;4.20.4&#8243; _module_preset=&#8221;default&#8221; custom_padding=&#8221;||0px|||&#8221; global_colors_info=&#8221;{}&#8221;]<\/p>\n<div class=\"vc-row-wrapper vc_custom_1546969471433\" data-parallax_sense=\"30\">\n<div class=\"wpb_row row\">\n<div class=\"four columns vc-column-extra-class-642c140ac6025\" data-parallax_sense=\"30\">\n<div class=\"wpb_wrapper\">\n<div class=\"wpb_text_column wpb_content_element  vc_custom_1548094212488\">\n<div class=\"wpb_wrapper\">\n<h3>management<\/h3>\n<p>&nbsp;<\/p>\n<p><span style=\"font-size: 20px; font-family: Lato, Helvetica, Arial, Lucida, sans-serif;\">Sten Niclasson, CEO<br \/><a href=\"mailto:sten@operapaskaret.se\">sten@operapaskaret.se<\/a><br \/>Tel: +46 580 70 49 50<br \/><\/span><span style=\"font-size: 20px; font-family: Lato, Helvetica, Arial, Lucida, sans-serif;\"><\/span><\/p>\n<p><span style=\"font-size: 20px; font-family: Lato, Helvetica, Arial, Lucida, sans-serif;\">Alexander Niclasson, Artistic Director<br \/><a href=\"mailto:alexander@operapaskaret.se\">alexander@operapaskaret.se<\/a><br \/>Tel: +46 580 70 49 52<\/span><\/p>\n<\/div>\n<\/div>\n<\/div>\n<\/div>\n<\/div>\n<\/div>\n<p>[\/et_pb_text][\/et_pb_column][\/et_pb_row][\/et_pb_section]<\/p>\n","protected":false},"excerpt":{"rendered":"<p>Organisation Opera p\u00e5 Sk\u00e4ret&#8217;s principal organization is the non-profit foundation Kulturcentrum Ljusnarsberg, which owns Sk\u00e4ret Produktion AB and its subsidiary Operafastigheter AB. Board of Directors, Kulturcentrum Ljusnarsberg Foundation Rose-Marie Frebran, ChairpersonSverker GawellUlf Hilding, SecretaryAlexander NiclassonSten Niclasson, Vice Chairperson board of directors, Sk\u00e4ret Produktion AB Rosemarie Frebran, ChairpersonMarie-Louise Forsberg FranssonSverker GawellAlexander NiclassonSten NiclassonAnette Stjernkvistboard of directors, [&hellip;]<\/p>\n","protected":false},"author":1,"featured_media":0,"parent":0,"menu_order":0,"comment_status":"closed","ping_status":"closed","template":"","meta":{"_et_pb_use_builder":"on","_et_pb_old_content":"","_et_gb_content_width":"","inline_featured_image":false,"footnotes":""},"class_list":["post-9786","page","type-page","status-publish","hentry"],"yoast_head":"<!-- This site is optimized with the Yoast SEO plugin v27.5 - https:\/\/yoast.com\/product\/yoast-seo-wordpress\/ -->\n<title>Organisation - Opera p\u00e5 Sk\u00e4ret<\/title>\n<meta name=\"robots\" content=\"index, follow, max-snippet:-1, max-image-preview:large, max-video-preview:-1\" \/>\n<link rel=\"canonical\" href=\"https:\/\/operapaskaret.se\/en\/organisation\/\" \/>\n<meta property=\"og:locale\" content=\"en_US\" \/>\n<meta property=\"og:type\" content=\"article\" \/>\n<meta property=\"og:title\" content=\"Organisation - Opera p\u00e5 Sk\u00e4ret\" \/>\n<meta property=\"og:description\" content=\"Organisation Opera p\u00e5 Sk\u00e4ret&#039;s principal organization is the non-profit foundation Kulturcentrum Ljusnarsberg, which owns Sk\u00e4ret Produktion AB and its subsidiary Operafastigheter AB. Board of Directors, Kulturcentrum Ljusnarsberg Foundation Rose-Marie Frebran, ChairpersonSverker GawellUlf Hilding, SecretaryAlexander NiclassonSten Niclasson, Vice Chairperson board of directors, Sk\u00e4ret Produktion AB Rosemarie Frebran, ChairpersonMarie-Louise Forsberg FranssonSverker GawellAlexander NiclassonSten NiclassonAnette Stjernkvistboard of directors, [&hellip;]\" \/>\n<meta property=\"og:url\" content=\"https:\/\/operapaskaret.se\/en\/organisation\/\" \/>\n<meta property=\"og:site_name\" content=\"Opera p\u00e5 Sk\u00e4ret\" \/>\n<meta property=\"article:publisher\" content=\"https:\/\/www.facebook.com\/operapaskaret\" \/>\n<meta property=\"article:modified_time\" content=\"2025-04-24T14:12:23+00:00\" \/>\n<meta name=\"twitter:card\" content=\"summary_large_image\" \/>\n<meta name=\"twitter:label1\" content=\"Est. reading time\" \/>\n\t<meta name=\"twitter:data1\" content=\"1 minute\" \/>\n<script type=\"application\/ld+json\" class=\"yoast-schema-graph\">{\"@context\":\"https:\\\/\\\/schema.org\",\"@graph\":[{\"@type\":\"WebPage\",\"@id\":\"https:\\\/\\\/operapaskaret.se\\\/en\\\/organisation\\\/\",\"url\":\"https:\\\/\\\/operapaskaret.se\\\/en\\\/organisation\\\/\",\"name\":\"Organisation - Opera p\u00e5 Sk\u00e4ret\",\"isPartOf\":{\"@id\":\"https:\\\/\\\/operapaskaret.se\\\/#website\"},\"datePublished\":\"2023-03-30T09:41:01+00:00\",\"dateModified\":\"2025-04-24T14:12:23+00:00\",\"breadcrumb\":{\"@id\":\"https:\\\/\\\/operapaskaret.se\\\/en\\\/organisation\\\/#breadcrumb\"},\"inLanguage\":\"en-US\",\"potentialAction\":[{\"@type\":\"ReadAction\",\"target\":[\"https:\\\/\\\/operapaskaret.se\\\/en\\\/organisation\\\/\"]}]},{\"@type\":\"BreadcrumbList\",\"@id\":\"https:\\\/\\\/operapaskaret.se\\\/en\\\/organisation\\\/#breadcrumb\",\"itemListElement\":[{\"@type\":\"ListItem\",\"position\":1,\"name\":\"Hem\",\"item\":\"https:\\\/\\\/operapaskaret.se\\\/en\\\/\"},{\"@type\":\"ListItem\",\"position\":2,\"name\":\"Organisation\"}]},{\"@type\":\"WebSite\",\"@id\":\"https:\\\/\\\/operapaskaret.se\\\/#website\",\"url\":\"https:\\\/\\\/operapaskaret.se\\\/\",\"name\":\"Opera p\u00e5 Sk\u00e4ret\",\"description\":\"The Opera Festival in the heart of Sweden\",\"publisher\":{\"@id\":\"https:\\\/\\\/operapaskaret.se\\\/#organization\"},\"potentialAction\":[{\"@type\":\"SearchAction\",\"target\":{\"@type\":\"EntryPoint\",\"urlTemplate\":\"https:\\\/\\\/operapaskaret.se\\\/?s={search_term_string}\"},\"query-input\":{\"@type\":\"PropertyValueSpecification\",\"valueRequired\":true,\"valueName\":\"search_term_string\"}}],\"inLanguage\":\"en-US\"},{\"@type\":\"Organization\",\"@id\":\"https:\\\/\\\/operapaskaret.se\\\/#organization\",\"name\":\"Opera p\u00e5 Sk\u00e4ret\",\"url\":\"https:\\\/\\\/operapaskaret.se\\\/\",\"logo\":{\"@type\":\"ImageObject\",\"inLanguage\":\"en-US\",\"@id\":\"https:\\\/\\\/operapaskaret.se\\\/#\\\/schema\\\/logo\\\/image\\\/\",\"url\":\"https:\\\/\\\/operapaskaret.se\\\/wp-content\\\/uploads\\\/2023\\\/01\\\/OPS_Logo_2023_b.svg\",\"contentUrl\":\"https:\\\/\\\/operapaskaret.se\\\/wp-content\\\/uploads\\\/2023\\\/01\\\/OPS_Logo_2023_b.svg\",\"width\":\"1024\",\"height\":\"1024\",\"caption\":\"Opera p\u00e5 Sk\u00e4ret\"},\"image\":{\"@id\":\"https:\\\/\\\/operapaskaret.se\\\/#\\\/schema\\\/logo\\\/image\\\/\"},\"sameAs\":[\"https:\\\/\\\/www.facebook.com\\\/operapaskaret\",\"https:\\\/\\\/www.instagram.com\\\/operapaskaret\\\/\"]}]}<\/script>\n<!-- \/ Yoast SEO plugin. -->","yoast_head_json":{"title":"Organisation - Opera p\u00e5 Sk\u00e4ret","robots":{"index":"index","follow":"follow","max-snippet":"max-snippet:-1","max-image-preview":"max-image-preview:large","max-video-preview":"max-video-preview:-1"},"canonical":"https:\/\/operapaskaret.se\/en\/organisation\/","og_locale":"en_US","og_type":"article","og_title":"Organisation - Opera p\u00e5 Sk\u00e4ret","og_description":"Organisation Opera p\u00e5 Sk\u00e4ret's principal organization is the non-profit foundation Kulturcentrum Ljusnarsberg, which owns Sk\u00e4ret Produktion AB and its subsidiary Operafastigheter AB. Board of Directors, Kulturcentrum Ljusnarsberg Foundation Rose-Marie Frebran, ChairpersonSverker GawellUlf Hilding, SecretaryAlexander NiclassonSten Niclasson, Vice Chairperson board of directors, Sk\u00e4ret Produktion AB Rosemarie Frebran, ChairpersonMarie-Louise Forsberg FranssonSverker GawellAlexander NiclassonSten NiclassonAnette Stjernkvistboard of directors, [&hellip;]","og_url":"https:\/\/operapaskaret.se\/en\/organisation\/","og_site_name":"Opera p\u00e5 Sk\u00e4ret","article_publisher":"https:\/\/www.facebook.com\/operapaskaret","article_modified_time":"2025-04-24T14:12:23+00:00","twitter_card":"summary_large_image","twitter_misc":{"Est. reading time":"1 minute"},"schema":{"@context":"https:\/\/schema.org","@graph":[{"@type":"WebPage","@id":"https:\/\/operapaskaret.se\/en\/organisation\/","url":"https:\/\/operapaskaret.se\/en\/organisation\/","name":"Organisation - Opera p\u00e5 Sk\u00e4ret","isPartOf":{"@id":"https:\/\/operapaskaret.se\/#website"},"datePublished":"2023-03-30T09:41:01+00:00","dateModified":"2025-04-24T14:12:23+00:00","breadcrumb":{"@id":"https:\/\/operapaskaret.se\/en\/organisation\/#breadcrumb"},"inLanguage":"en-US","potentialAction":[{"@type":"ReadAction","target":["https:\/\/operapaskaret.se\/en\/organisation\/"]}]},{"@type":"BreadcrumbList","@id":"https:\/\/operapaskaret.se\/en\/organisation\/#breadcrumb","itemListElement":[{"@type":"ListItem","position":1,"name":"Hem","item":"https:\/\/operapaskaret.se\/en\/"},{"@type":"ListItem","position":2,"name":"Organisation"}]},{"@type":"WebSite","@id":"https:\/\/operapaskaret.se\/#website","url":"https:\/\/operapaskaret.se\/","name":"Opera p\u00e5 Sk\u00e4ret","description":"The Opera Festival in the heart of Sweden","publisher":{"@id":"https:\/\/operapaskaret.se\/#organization"},"potentialAction":[{"@type":"SearchAction","target":{"@type":"EntryPoint","urlTemplate":"https:\/\/operapaskaret.se\/?s={search_term_string}"},"query-input":{"@type":"PropertyValueSpecification","valueRequired":true,"valueName":"search_term_string"}}],"inLanguage":"en-US"},{"@type":"Organization","@id":"https:\/\/operapaskaret.se\/#organization","name":"Opera p\u00e5 Sk\u00e4ret","url":"https:\/\/operapaskaret.se\/","logo":{"@type":"ImageObject","inLanguage":"en-US","@id":"https:\/\/operapaskaret.se\/#\/schema\/logo\/image\/","url":"https:\/\/operapaskaret.se\/wp-content\/uploads\/2023\/01\/OPS_Logo_2023_b.svg","contentUrl":"https:\/\/operapaskaret.se\/wp-content\/uploads\/2023\/01\/OPS_Logo_2023_b.svg","width":"1024","height":"1024","caption":"Opera p\u00e5 Sk\u00e4ret"},"image":{"@id":"https:\/\/operapaskaret.se\/#\/schema\/logo\/image\/"},"sameAs":["https:\/\/www.facebook.com\/operapaskaret","https:\/\/www.instagram.com\/operapaskaret\/"]}]}},"_links":{"self":[{"href":"https:\/\/operapaskaret.se\/en\/wp-json\/wp\/v2\/pages\/9786","targetHints":{"allow":["GET"]}}],"collection":[{"href":"https:\/\/operapaskaret.se\/en\/wp-json\/wp\/v2\/pages"}],"about":[{"href":"https:\/\/operapaskaret.se\/en\/wp-json\/wp\/v2\/types\/page"}],"author":[{"embeddable":true,"href":"https:\/\/operapaskaret.se\/en\/wp-json\/wp\/v2\/users\/1"}],"replies":[{"embeddable":true,"href":"https:\/\/operapaskaret.se\/en\/wp-json\/wp\/v2\/comments?post=9786"}],"version-history":[{"count":6,"href":"https:\/\/operapaskaret.se\/en\/wp-json\/wp\/v2\/pages\/9786\/revisions"}],"predecessor-version":[{"id":9806,"href":"https:\/\/operapaskaret.se\/en\/wp-json\/wp\/v2\/pages\/9786\/revisions\/9806"}],"wp:attachment":[{"href":"https:\/\/operapaskaret.se\/en\/wp-json\/wp\/v2\/media?parent=9786"}],"curies":[{"name":"wp","href":"https:\/\/api.w.org\/{rel}","templated":true}]}}